{"id":911,"date":"2022-01-25T08:19:17","date_gmt":"2022-01-25T07:19:17","guid":{"rendered":"https:\/\/www.cortijolamariscala.com\/?page_id=911"},"modified":"2024-02-13T11:12:33","modified_gmt":"2024-02-13T10:12:33","slug":"reservierungen","status":"publish","type":"page","link":"https:\/\/www.cortijolamariscala.com\/de\/reservierungen\/","title":{"rendered":"Reservierungen"},"content":{"rendered":"<div class=\"wp-bootstrap-blocks-container container mb-2\">\n\t\n<div class=\"wp-bootstrap-blocks-row row\">\n\t\n\n<div class=\"col-12 col-sm-12 col-md-12 col-lg-12 col-xl-12 text-center\">\n\t\t\t\n\n<h2 class=\"wp-block-heading\">R\u00e9servations<\/h2>\n\n\n\n<hr class=\"wp-block-separator has-css-opacity\"\/>\n\n\t<\/div>\n\n<\/div>\n\n<\/div>\n\n\n<div class=\"wp-bootstrap-blocks-container container mb-2\">\n\t\n<div class=\"wp-bootstrap-blocks-row row\">\n\t\n\n<div class=\"col-12 col-sm-12 col-md-12 col-lg-12 col-xl-12 text-center tarifas\">\n\t\t\t\n\n<div class=\"wp-block-group tarifa\"><div class=\"wp-block-group__inner-container is-layout-flow wp-block-group-is-layout-flow\">\n<h3 class=\"wp-block-heading titulo\">Hochsaison<\/h3>\n\n\n\n<h2 class=\"wp-block-heading grande rojo\">550\u20ac<\/h2>\n\n\n\n<p>pro Tag.<\/p>\n\n\n\n<p>Mindestumsatz<\/p>\n\n\n\n<h3 class=\"wp-block-heading precio\">1500\u20ac <\/h3>\n\n\n\n<p><meta charset=\"utf-8\">10% MwSt. nicht inbegriffen.<\/p>\n\n\n\n<p><strong>Zeitraum<\/strong>: P\u00e2ques, Feria de Jerez, Grand Prix de moto, du 1er au 31 ao\u00fbt et du 1er au 31 dOstern, Messe von Jerez, Motorrad-Grand-Prix, vom 1. bis 31. August und vom 1. bis 31. Dezember 2024.<\/p>\n<\/div><\/div>\n\n\n\n<div class=\"wp-block-group tarifa\"><div class=\"wp-block-group__inner-container is-layout-flow wp-block-group-is-layout-flow\">\n<h3 class=\"wp-block-heading titulo\">Zwischensaison<\/h3>\n\n\n\n<h2 class=\"wp-block-heading grande rojo\">450\u20ac<\/h2>\n\n\n\n<p>pro Tag.<\/p>\n\n\n\n<p>Mindestumsatz<\/p>\n\n\n\n<h3 class=\"wp-block-heading precio\">600\u20ac<\/h3>\n\n\n\n<p><meta charset=\"utf-8\"><meta charset=\"utf-8\"><meta charset=\"utf-8\">10% MwSt. nicht inbegriffen.<\/p>\n\n\n\n<p><strong><strong>Zeitraum<\/strong><\/strong>:<strong> <\/strong>Du 15 avril au 30 juin et du 1er septembre au 30 sepApril bis 31. Juli und 1. September bis 30. September.<\/p>\n<\/div><\/div>\n\n\n\n<div class=\"wp-block-group tarifa\"><div class=\"wp-block-group__inner-container is-layout-flow wp-block-group-is-layout-flow\">\n<h3 class=\"wp-block-heading titulo\">Nebensaison<\/h3>\n\n\n\n<h2 class=\"wp-block-heading grande rojo\">350\u20ac<\/h2>\n\n\n\n<p>pro Tag.<\/p>\n\n\n\n<p>Mindestumsatz<\/p>\n\n\n\n<h3 class=\"wp-block-heading precio\">600\u20ac<\/h3>\n\n\n\n<p><meta charset=\"utf-8\"><meta charset=\"utf-8\"><meta charset=\"utf-8\">10% MwSt. nicht inbegriffen.<\/p>\n\n\n\n<p><strong>Zeitraum<\/strong>: Rest des Jahres.<\/p>\n<\/div><\/div>\n\n\t<\/div>\n\n<\/div>\n\n<\/div>\n\n\n\n<div class=\"wp-block-group bloque-formulario\"><div class=\"wp-block-group__inner-container is-layout-flow wp-block-group-is-layout-flow\"><div class=\"wp-bootstrap-blocks-container container mb-2\">\n\t\n<div class=\"wp-bootstrap-blocks-row row\">\n\t\n\n<div class=\"col-12 col-sm-12 col-md-8 col-lg-8 col-xl-8 text-md-center offset-md-2 offset-lg-2 offset-xl-2\">\n\t\t\t\n\n<h3 class=\"wp-block-heading\">Reservierung Formular<\/h3>\n\n\n\n<p>F\u00fcllen Sie unser Formular aus und wir werden Sie so schnell wie m\u00f6glich kontaktieren.<\/p>\n\n\t<\/div>\n\n<\/div>\n\n\n<div class=\"wp-bootstrap-blocks-row row\">\n\t\n\n<div class=\"col-12 col-sm-12 col-md-8 col-lg-8 col-xl-8 offset-md-2 offset-lg-2 offset-xl-2\">\n\t\t\t\n\n<div class=\"wpcf7 no-js\" id=\"wpcf7-f1164-o1\" lang=\"de-DE\" dir=\"ltr\">\n<div class=\"screen-reader-response\"><p role=\"status\" aria-live=\"polite\" aria-atomic=\"true\"><\/p> <ul><\/ul><\/div>\n<form action=\"\/de\/wp-json\/wp\/v2\/pages\/911#wpcf7-f1164-o1\" method=\"post\" class=\"wpcf7-form init\" aria-label=\"Contact form\" novalidate=\"novalidate\" data-status=\"init\">\n<div style=\"display: none;\">\n<input type=\"hidden\" name=\"_wpcf7\" value=\"1164\" \/>\n<input type=\"hidden\" name=\"_wpcf7_version\" value=\"5.9\" \/>\n<input type=\"hidden\" name=\"_wpcf7_locale\" value=\"de_DE\" \/>\n<input type=\"hidden\" name=\"_wpcf7_unit_tag\" value=\"wpcf7-f1164-o1\" \/>\n<input type=\"hidden\" name=\"_wpcf7_container_post\" value=\"0\" \/>\n<input type=\"hidden\" name=\"_wpcf7_posted_data_hash\" value=\"\" \/>\n<\/div>\n<div class=\"row\">\n\t\t<div class=\"col-xs-12 col-sm-12 col-md-6 col-lg-6\">\n\t\t\t<div class=\"form-group nombre\"><input class=\"wpcf7-form-control wpcf7-text wpcf7-validates-as-required form-control\" name=\"nombre\" type=\"text\" value=\"\" placeholder=\"Name\" aria-invalid=\"false\" aria-required=\"true\" required><\/div>\n\t\t<\/div>\n\t\t<div class=\"col-xs-12 col-sm-12 col-md-6 col-lg-6\">\n\t\t\t<div class=\"form-group apellidos\"><input class=\"wpcf7-form-control wpcf7-text wpcf7-validates-as-required form-control\" name=\"apellidos\" type=\"text\" value=\"\" placeholder=\"Nachnamen\" aria-invalid=\"false\" aria-required=\"true\" required><\/div>\n\t\t<\/div>\n\t<\/div>\n\t\n\t\n\t<div class=\"row\">\n\t\t<div class=\"col-xs-12 col-sm-12 col-md-6 col-lg-6\">\n\t\t\t<div class=\"form-group email\"><input class=\"wpcf7-form-control wpcf7-email wpcf7-validates-as-required wpcf7-text wpcf7-validates-as-email form-control\" name=\"email\" type=\"email\" value=\"\" placeholder=\"Email\" aria-invalid=\"false\" aria-required=\"true\" required><\/div>\n\t\t<\/div>\n\t\t<div class=\"col-xs-12 col-sm-12 col-md-6 col-lg-6\">\n\t\t\t<div class=\"form-group telefono\"><input class=\"wpcf7-form-control wpcf7-tel wpcf7-validates-as-required wpcf7-text wpcf7-validates-as-tel form-control\" name=\"telefono\" type=\"tel\" value=\"\" placeholder=\"Telefon\" aria-invalid=\"false\" aria-required=\"true\" required><\/div>\n\t\t<\/div>\n\t<\/div>\n\t<div class=\"row\">\n\t\t<div class=\"col-xs-12 col-sm-12 col-md-12 col-lg-12\">\n\t\t\t<div class=\"form-group mensaje\"><textarea class=\"wpcf7-form-control wpcf7-textarea wpcf7-validates-as-required form-control\" name=\"mensaje\" rows=\"4\" placeholder=\"Schreiben sie die einzelheiten ihrer reservierung\" aria-invalid=\"false\" aria-required=\"true\" required><\/textarea><\/div>\n\t\t<\/div>\n\t<\/div>\n\t<div class=\"row\">\n\t\t<div class=\"col-xs-12 col-sm-12 col-md-6 col-lg-8\">\n\t\t\t<div class=\"form-group wpcf7-form-control wpcf7-acceptance acceptance-834\"><div class=\"checkbox wpcf7-form-control wpcf7-acceptance acceptance-834\"><label ><input name=\"acceptance-834\" type=\"checkbox\" value=\"1\" aria-invalid=\"false\">Ich habe die <a href=\"\/politica-de-privacidad\/\">Datenschutzrichtlinien<\/a> gelesen und akzeptiere diese.<\/label><\/div><\/div>\n\t\t<\/div>\t\n\t\t<div class=\"col-xs-12 col-sm-12 col-md-6 col-lg-4 text-md-right\">\n\t\t\t<div class=\"form-group\"><div><input class=\"wpcf7-form-control wpcf7-submit cta btn btn-primary\" type=\"submit\" value=\"Reservierungsanfrage\"><\/div><\/div>\n\t\t<\/div>\n\t<\/div><div class=\"wpcf7-response-output alert alert-warning\"><\/div>\n<\/form>\n<\/div>\n\n\n\t<\/div>\n\n<\/div>\n\n<\/div>\n<\/div><\/div>\n\n\n<div class=\"wp-bootstrap-blocks-container container mb-2\">\n\t\n<div class=\"wp-bootstrap-blocks-row row\">\n\t\n\n<div class=\"col-12 col-sm-12 col-md-6 col-lg-6 col-xl-6 offset-md-3\">\n\t\t\t\n\n<p class=\"has-text-align-left\"><strong>ZU BEACHTEN:<\/strong><\/p>\n\n\n\n<ul>\n<li>Sie erhalten einen Kostenvoranschlag und ein Schreiben mit den Buchungsbedingungen.<\/li>\n<\/ul>\n\n\n\n<ul>\n<li>Die Preise gelten vom 01. Januar bis 31. Dezember 2024.<\/li>\n<\/ul>\n\n\n\n<ul>\n<li>Die Preise gelten nur f\u00fcr die Unterkunft. Wenn andere Leistungen wie Reinigung, Bettw\u00e4sche, Fr\u00fchst\u00fcck usw. gew\u00fcnscht werden, m\u00fcssen diese vor der Buchung angefragt werden.<\/li>\n<\/ul>\n\n\n\n<ul>\n<li>Maximal zul\u00e4ssige Personenzahl 14.<\/li>\n<\/ul>\n\n\n\n<ul>\n<li>Das Schwimmbad ist das ganze Jahr \u00fcber ge\u00f6ffnet.<\/li>\n<\/ul>\n\n\n\n<ul>\n<li>Hunde und Haustiere sind nicht erlaubt, es sei denn, sie wurden im Voraus ausdr\u00fccklich genehmigt.<\/li>\n<\/ul>\n\n\n\n<ul>\n<li>10% MwSt. nicht inbegriffen.<\/li>\n<\/ul>\n\n\t<\/div>\n\n<\/div>\n\n<\/div>\n","protected":false},"excerpt":{"rendered":"","protected":false},"author":1,"featured_media":0,"parent":0,"menu_order":0,"comment_status":"closed","ping_status":"closed","template":"page-templates\/content-full-width.php","meta":{"inline_featured_image":false,"footnotes":""},"yoast_head":"<!-- This site is optimized with the Yoast SEO plugin v22.6 - https:\/\/yoast.com\/wordpress\/plugins\/seo\/ -->\n<title>Reservierungen - Cortijo La Mariscala<\/title>\n<meta name=\"robots\" content=\"index, follow, max-snippet:-1, max-image-preview:large, max-video-preview:-1\" \/>\n<link rel=\"canonical\" href=\"https:\/\/www.cortijolamariscala.com\/de\/reservierungen\/\" \/>\n<meta property=\"og:locale\" content=\"de_DE\" \/>\n<meta property=\"og:type\" content=\"article\" \/>\n<meta property=\"og:title\" content=\"Reservierungen - Cortijo La Mariscala\" \/>\n<meta property=\"og:url\" content=\"https:\/\/www.cortijolamariscala.com\/de\/reservierungen\/\" \/>\n<meta property=\"og:site_name\" content=\"Cortijo La Mariscala\" \/>\n<meta property=\"article:modified_time\" content=\"2024-02-13T10:12:33+00:00\" \/>\n<meta name=\"twitter:card\" content=\"summary_large_image\" \/>\n<meta name=\"twitter:label1\" content=\"Est. reading time\" \/>\n\t<meta name=\"twitter:data1\" content=\"1 minute\" \/>\n<script type=\"application\/ld+json\" class=\"yoast-schema-graph\">{\"@context\":\"https:\/\/schema.org\",\"@graph\":[{\"@type\":\"WebPage\",\"@id\":\"https:\/\/www.cortijolamariscala.com\/de\/reservierungen\/\",\"url\":\"https:\/\/www.cortijolamariscala.com\/de\/reservierungen\/\",\"name\":\"Reservierungen - Cortijo La Mariscala\",\"isPartOf\":{\"@id\":\"https:\/\/www.cortijolamariscala.com\/#website\"},\"datePublished\":\"2022-01-25T07:19:17+00:00\",\"dateModified\":\"2024-02-13T10:12:33+00:00\",\"breadcrumb\":{\"@id\":\"https:\/\/www.cortijolamariscala.com\/de\/reservierungen\/#breadcrumb\"},\"inLanguage\":\"de-DE\",\"potentialAction\":[{\"@type\":\"ReadAction\",\"target\":[\"https:\/\/www.cortijolamariscala.com\/de\/reservierungen\/\"]}]},{\"@type\":\"BreadcrumbList\",\"@id\":\"https:\/\/www.cortijolamariscala.com\/de\/reservierungen\/#breadcrumb\",\"itemListElement\":[{\"@type\":\"ListItem\",\"position\":1,\"name\":\"Portada\",\"item\":\"https:\/\/www.cortijolamariscala.com\/de\/\"},{\"@type\":\"ListItem\",\"position\":2,\"name\":\"Reservierungen\"}]},{\"@type\":\"WebSite\",\"@id\":\"https:\/\/www.cortijolamariscala.com\/#website\",\"url\":\"https:\/\/www.cortijolamariscala.com\/\",\"name\":\"Cortijo La Mariscala\",\"description\":\"Un Cortijo t\u00edpicamente Andaluz\",\"potentialAction\":[{\"@type\":\"SearchAction\",\"target\":{\"@type\":\"EntryPoint\",\"urlTemplate\":\"https:\/\/www.cortijolamariscala.com\/?s={search_term_string}\"},\"query-input\":\"required name=search_term_string\"}],\"inLanguage\":\"de-DE\"}]}<\/script>\n<!-- \/ Yoast SEO plugin. -->","yoast_head_json":{"title":"Reservierungen - Cortijo La Mariscala","robots":{"index":"index","follow":"follow","max-snippet":"max-snippet:-1","max-image-preview":"max-image-preview:large","max-video-preview":"max-video-preview:-1"},"canonical":"https:\/\/www.cortijolamariscala.com\/de\/reservierungen\/","og_locale":"de_DE","og_type":"article","og_title":"Reservierungen - Cortijo La Mariscala","og_url":"https:\/\/www.cortijolamariscala.com\/de\/reservierungen\/","og_site_name":"Cortijo La Mariscala","article_modified_time":"2024-02-13T10:12:33+00:00","twitter_card":"summary_large_image","twitter_misc":{"Est. reading time":"1 minute"},"schema":{"@context":"https:\/\/schema.org","@graph":[{"@type":"WebPage","@id":"https:\/\/www.cortijolamariscala.com\/de\/reservierungen\/","url":"https:\/\/www.cortijolamariscala.com\/de\/reservierungen\/","name":"Reservierungen - Cortijo La Mariscala","isPartOf":{"@id":"https:\/\/www.cortijolamariscala.com\/#website"},"datePublished":"2022-01-25T07:19:17+00:00","dateModified":"2024-02-13T10:12:33+00:00","breadcrumb":{"@id":"https:\/\/www.cortijolamariscala.com\/de\/reservierungen\/#breadcrumb"},"inLanguage":"de-DE","potentialAction":[{"@type":"ReadAction","target":["https:\/\/www.cortijolamariscala.com\/de\/reservierungen\/"]}]},{"@type":"BreadcrumbList","@id":"https:\/\/www.cortijolamariscala.com\/de\/reservierungen\/#breadcrumb","itemListElement":[{"@type":"ListItem","position":1,"name":"Portada","item":"https:\/\/www.cortijolamariscala.com\/de\/"},{"@type":"ListItem","position":2,"name":"Reservierungen"}]},{"@type":"WebSite","@id":"https:\/\/www.cortijolamariscala.com\/#website","url":"https:\/\/www.cortijolamariscala.com\/","name":"Cortijo La Mariscala","description":"Un Cortijo t\u00edpicamente Andaluz","potentialAction":[{"@type":"SearchAction","target":{"@type":"EntryPoint","urlTemplate":"https:\/\/www.cortijolamariscala.com\/?s={search_term_string}"},"query-input":"required name=search_term_string"}],"inLanguage":"de-DE"}]}},"_links":{"self":[{"href":"https:\/\/www.cortijolamariscala.com\/de\/wp-json\/wp\/v2\/pages\/911"}],"collection":[{"href":"https:\/\/www.cortijolamariscala.com\/de\/wp-json\/wp\/v2\/pages"}],"about":[{"href":"https:\/\/www.cortijolamariscala.com\/de\/wp-json\/wp\/v2\/types\/page"}],"author":[{"embeddable":true,"href":"https:\/\/www.cortijolamariscala.com\/de\/wp-json\/wp\/v2\/users\/1"}],"replies":[{"embeddable":true,"href":"https:\/\/www.cortijolamariscala.com\/de\/wp-json\/wp\/v2\/comments?post=911"}],"version-history":[{"count":26,"href":"https:\/\/www.cortijolamariscala.com\/de\/wp-json\/wp\/v2\/pages\/911\/revisions"}],"predecessor-version":[{"id":1785,"href":"https:\/\/www.cortijolamariscala.com\/de\/wp-json\/wp\/v2\/pages\/911\/revisions\/1785"}],"wp:attachment":[{"href":"https:\/\/www.cortijolamariscala.com\/de\/wp-json\/wp\/v2\/media?parent=911"}],"curies":[{"name":"wp","href":"https:\/\/api.w.org\/{rel}","templated":true}]}}